{"id":41272,"date":"2022-11-21T14:42:01","date_gmt":"2022-11-21T13:42:01","guid":{"rendered":"https:\/\/www.landwirtschaftsmesse.com\/rheinland-pfalz\/?page_id=41272"},"modified":"2026-02-09T15:57:16","modified_gmt":"2026-02-09T14:57:16","slug":"information-messe","status":"publish","type":"page","link":"https:\/\/www.landwirtschaftsmesse.com\/rheinland-pfalz\/information-messe\/","title":{"rendered":"Information"},"content":{"rendered":"\t\t<div data-elementor-type=\"wp-page\" data-elementor-id=\"41272\" class=\"elementor elementor-41272\" data-elementor-post-type=\"page\">\n\t\t\t\t\t\t<section class=\"elementor-section elementor-top-section elementor-element elementor-element-c9a12f7 elementor-section-height-min-height elementor-section-items-stretch elementor-section-boxed elementor-section-height-default\" data-id=\"c9a12f7\" data-element_type=\"section\" data-settings=\"{&quot;background_background&quot;:&quot;classic&quot;}\">\n\t\t\t\t\t\t\t<div class=\"elementor-background-overlay\"><\/div>\n\t\t\t\t\t\t\t<div class=\"elementor-container elementor-column-gap-default\">\n\t\t\t\t\t<div class=\"elementor-column elementor-col-50 elementor-top-column elementor-element elementor-element-1edb8ed\" data-id=\"1edb8ed\" data-element_type=\"column\" data-settings=\"{&quot;background_background&quot;:&quot;classic&quot;}\">\n\t\t\t<div class=\"elementor-widget-wrap elementor-element-populated\">\n\t\t\t\t\t\t<div class=\"elementor-element elementor-element-576299f elementor-widget elementor-widget-heading\" data-id=\"576299f\" data-element_type=\"widget\" data-widget_type=\"heading.default\">\n\t\t\t\t<div class=\"elementor-widget-container\">\n\t\t\t\t\t<h1 class=\"elementor-heading-title elementor-size-default\">Willkommen zur Landwirtschaftsmesse Rheinland-Pfalz 2027! <\/h1>\t\t\t\t<\/div>\n\t\t\t\t<\/div>\n\t\t\t\t<div class=\"elementor-element elementor-element-839c974 elementor-widget__width-initial elementor-widget elementor-widget-heading\" data-id=\"839c974\" data-element_type=\"widget\" data-widget_type=\"heading.default\">\n\t\t\t\t<div class=\"elementor-widget-container\">\n\t\t\t\t\t<h3 class=\"elementor-heading-title elementor-size-default\">Vom 17. bis 19. Januar 2027 \u00f6ffnet die Landwirtschaftsmesse in Trier<\/h3>\t\t\t\t<\/div>\n\t\t\t\t<\/div>\n\t\t\t\t<div class=\"elementor-element elementor-element-904e96c elementor-widget__width-initial elementor-widget elementor-widget-heading\" data-id=\"904e96c\" data-element_type=\"widget\" data-widget_type=\"heading.default\">\n\t\t\t\t<div class=\"elementor-widget-container\">\n\t\t\t\t\t<h3 class=\"elementor-heading-title elementor-size-default\">Ihre Tore und l\u00e4dt Fachleute, Landwirte und Interessierte aus Rheinland-Pfalz, dem Saarland, Luxemburg und dem Eifelkreis Bitburg-Pr\u00fcm ein.\u00a0<\/h3>\t\t\t\t<\/div>\n\t\t\t\t<\/div>\n\t\t\t\t<div class=\"elementor-element elementor-element-d197947 elementor-widget elementor-widget-text-editor\" data-id=\"d197947\" data-element_type=\"widget\" data-widget_type=\"text-editor.default\">\n\t\t\t\t<div class=\"elementor-widget-container\">\n\t\t\t\t\t\t\t\t\t<p>Ein im Trier einzigartiges Konzept! Eine komplette Messe f\u00fcr Rheinland Pfalz<\/p>\t\t\t\t\t\t\t\t<\/div>\n\t\t\t\t<\/div>\n\t\t\t\t<div class=\"elementor-element elementor-element-8080f99 elementor-align-justify elementor-widget__width-initial elementor-tablet-align-justify elementor-widget-tablet__width-inherit elementor-widget elementor-widget-button\" data-id=\"8080f99\" data-element_type=\"widget\" data-widget_type=\"button.default\">\n\t\t\t\t<div class=\"elementor-widget-container\">\n\t\t\t\t\t\t\t\t\t<div class=\"elementor-button-wrapper\">\n\t\t\t\t\t<a class=\"elementor-button elementor-button-link elementor-size-md\" href=\"https:\/\/www.landwirtschaftsmesse.com\/rheinland-pfalz\/wp-content\/uploads\/2026\/01\/Brochure-2027.jpg\">\n\t\t\t\t\t\t<span class=\"elementor-button-content-wrapper\">\n\t\t\t\t\t\t<span class=\"elementor-button-icon\">\n\t\t\t\t<i aria-hidden=\"true\" class=\"fas fa-caret-right\"><\/i>\t\t\t<\/span>\n\t\t\t\t\t\t\t\t\t<span class=\"elementor-button-text\">Brochure<\/span>\n\t\t\t\t\t<\/span>\n\t\t\t\t\t<\/a>\n\t\t\t\t<\/div>\n\t\t\t\t\t\t\t\t<\/div>\n\t\t\t\t<\/div>\n\t\t\t\t\t<\/div>\n\t\t<\/div>\n\t\t\t\t<div class=\"elementor-column elementor-col-50 elementor-top-column elementor-element elementor-element-9346b08\" data-id=\"9346b08\" data-element_type=\"column\">\n\t\t\t<div class=\"elementor-widget-wrap\">\n\t\t\t\t\t\t\t<\/div>\n\t\t<\/div>\n\t\t\t\t\t<\/div>\n\t\t<\/section>\n\t\t\t\t<section class=\"elementor-section elementor-top-section elementor-element elementor-element-34adc1b elementor-section-boxed elementor-section-height-default elementor-section-height-default\" data-id=\"34adc1b\" data-element_type=\"section\">\n\t\t\t\t\t\t<div class=\"elementor-container elementor-column-gap-default\">\n\t\t\t\t\t<div class=\"elementor-column elementor-col-100 elementor-top-column elementor-element elementor-element-868124a\" data-id=\"868124a\" data-element_type=\"column\">\n\t\t\t<div class=\"elementor-widget-wrap elementor-element-populated\">\n\t\t\t\t\t\t<div class=\"elementor-element elementor-element-8c63ec2 elementor-widget elementor-widget-image\" data-id=\"8c63ec2\" data-element_type=\"widget\" data-widget_type=\"image.default\">\n\t\t\t\t<div class=\"elementor-widget-container\">\n\t\t\t\t\t\t\t\t\t\t\t\t\t\t\t<img decoding=\"async\" src=\"https:\/\/www.landwirtschaftsmesse.com\/rheinland-pfalz\/wp-content\/uploads\/2022\/11\/boeren-tot.png\" title=\"\" alt=\"\" loading=\"lazy\" \/>\t\t\t\t\t\t\t\t\t\t\t\t\t\t\t<\/div>\n\t\t\t\t<\/div>\n\t\t\t\t\t<\/div>\n\t\t<\/div>\n\t\t\t\t\t<\/div>\n\t\t<\/section>\n\t\t\t\t<section class=\"elementor-section elementor-top-section elementor-element elementor-element-a8dde67 elementor-section-content-middle elementor-section-boxed elementor-section-height-default elementor-section-height-default\" data-id=\"a8dde67\" data-element_type=\"section\">\n\t\t\t\t\t\t<div class=\"elementor-container elementor-column-gap-default\">\n\t\t\t\t\t<div class=\"elementor-column elementor-col-50 elementor-top-column elementor-element elementor-element-218ea79\" data-id=\"218ea79\" data-element_type=\"column\">\n\t\t\t<div class=\"elementor-widget-wrap elementor-element-populated\">\n\t\t\t\t\t\t<div class=\"elementor-element elementor-element-6cb1069 elementor-align-justify elementor-widget__width-initial elementor-tablet-align-justify elementor-widget-tablet__width-inherit elementor-widget elementor-widget-button\" data-id=\"6cb1069\" data-element_type=\"widget\" data-widget_type=\"button.default\">\n\t\t\t\t<div class=\"elementor-widget-container\">\n\t\t\t\t\t\t\t\t\t<div class=\"elementor-button-wrapper\">\n\t\t\t\t\t<a class=\"elementor-button elementor-button-link elementor-size-md\" href=\"https:\/\/www.landwirtschaftsmesse.com\/rheinland-pfalz\/buchen-sie-einen-stand\/\">\n\t\t\t\t\t\t<span class=\"elementor-button-content-wrapper\">\n\t\t\t\t\t\t<span class=\"elementor-button-icon\">\n\t\t\t\t<i aria-hidden=\"true\" class=\"fas fa-caret-right\"><\/i>\t\t\t<\/span>\n\t\t\t\t\t\t\t\t\t<span class=\"elementor-button-text\">Aussteller werden?<\/span>\n\t\t\t\t\t<\/span>\n\t\t\t\t\t<\/a>\n\t\t\t\t<\/div>\n\t\t\t\t\t\t\t\t<\/div>\n\t\t\t\t<\/div>\n\t\t\t\t<div class=\"elementor-element elementor-element-3ed48b4 elementor-align-justify elementor-widget__width-initial elementor-tablet-align-justify elementor-widget-tablet__width-inherit elementor-widget elementor-widget-button\" data-id=\"3ed48b4\" data-element_type=\"widget\" data-widget_type=\"button.default\">\n\t\t\t\t<div class=\"elementor-widget-container\">\n\t\t\t\t\t\t\t\t\t<div class=\"elementor-button-wrapper\">\n\t\t\t\t\t<a class=\"elementor-button elementor-button-link elementor-size-md\" href=\"https:\/\/www.landwirtschaftsmesse.com\/rheinland-pfalz\/karten-bestellen\/\">\n\t\t\t\t\t\t<span class=\"elementor-button-content-wrapper\">\n\t\t\t\t\t\t<span class=\"elementor-button-icon\">\n\t\t\t\t<i aria-hidden=\"true\" class=\"fas fa-caret-right\"><\/i>\t\t\t<\/span>\n\t\t\t\t\t\t\t\t\t<span class=\"elementor-button-text\">Karte(n) Bestellen<\/span>\n\t\t\t\t\t<\/span>\n\t\t\t\t\t<\/a>\n\t\t\t\t<\/div>\n\t\t\t\t\t\t\t\t<\/div>\n\t\t\t\t<\/div>\n\t\t\t\t<div class=\"elementor-element elementor-element-d124785 elementor-align-justify elementor-tablet-align-justify elementor-widget__width-initial elementor-widget-tablet__width-inherit elementor-widget elementor-widget-button\" data-id=\"d124785\" data-element_type=\"widget\" data-widget_type=\"button.default\">\n\t\t\t\t<div class=\"elementor-widget-container\">\n\t\t\t\t\t\t\t\t\t<div class=\"elementor-button-wrapper\">\n\t\t\t\t\t<a class=\"elementor-button elementor-button-link elementor-size-md\" href=\"https:\/\/www.landwirtschaftsmesse.com\/rheinland-pfalz\/wp-content\/uploads\/2025\/11\/A2-Poster-plattegrond-deelnemerslijst-RheinlandPfalz-2025_V02_DRUK-1-min.pdf\">\n\t\t\t\t\t\t<span class=\"elementor-button-content-wrapper\">\n\t\t\t\t\t\t<span class=\"elementor-button-icon\">\n\t\t\t\t<i aria-hidden=\"true\" class=\"fas fa-caret-right\"><\/i>\t\t\t<\/span>\n\t\t\t\t\t\t\t\t\t<span class=\"elementor-button-text\">Hallenplan 2025<\/span>\n\t\t\t\t\t<\/span>\n\t\t\t\t\t<\/a>\n\t\t\t\t<\/div>\n\t\t\t\t\t\t\t\t<\/div>\n\t\t\t\t<\/div>\n\t\t\t\t\t<\/div>\n\t\t<\/div>\n\t\t\t\t<div class=\"elementor-column elementor-col-50 elementor-top-column elementor-element elementor-element-873c528\" data-id=\"873c528\" data-element_type=\"column\">\n\t\t\t<div class=\"elementor-widget-wrap elementor-element-populated\">\n\t\t\t\t\t\t<section class=\"elementor-section elementor-inner-section elementor-element elementor-element-b01497b elementor-section-boxed elementor-section-height-default elementor-section-height-default\" data-id=\"b01497b\" data-element_type=\"section\">\n\t\t\t\t\t\t<div class=\"elementor-container elementor-column-gap-no\">\n\t\t\t\t\t<div class=\"elementor-column elementor-col-50 elementor-inner-column elementor-element elementor-element-d0369a6\" data-id=\"d0369a6\" data-element_type=\"column\">\n\t\t\t<div class=\"elementor-widget-wrap elementor-element-populated\">\n\t\t\t\t\t\t<div class=\"elementor-element elementor-element-b8991fd elementor-view-default elementor-widget elementor-widget-icon\" data-id=\"b8991fd\" data-element_type=\"widget\" data-widget_type=\"icon.default\">\n\t\t\t\t<div class=\"elementor-widget-container\">\n\t\t\t\t\t\t\t<div class=\"elementor-icon-wrapper\">\n\t\t\t<div class=\"elementor-icon\">\n\t\t\t<i aria-hidden=\"true\" class=\"fas fa-map-marker-alt\"><\/i>\t\t\t<\/div>\n\t\t<\/div>\n\t\t\t\t\t\t<\/div>\n\t\t\t\t<\/div>\n\t\t\t\t\t<\/div>\n\t\t<\/div>\n\t\t\t\t<div class=\"elementor-column elementor-col-50 elementor-inner-column elementor-element elementor-element-1edecfd\" data-id=\"1edecfd\" data-element_type=\"column\">\n\t\t\t<div class=\"elementor-widget-wrap elementor-element-populated\">\n\t\t\t\t\t\t<div class=\"elementor-element elementor-element-0674c94 elementor-widget elementor-widget-heading\" data-id=\"0674c94\" data-element_type=\"widget\" data-widget_type=\"heading.default\">\n\t\t\t\t<div class=\"elementor-widget-container\">\n\t\t\t\t\t<span class=\"elementor-heading-title elementor-size-default\"><b> Veranstaltungsort:<\/b><br \/>In den Moselauen 1, 54294 Trier<\/span>\t\t\t\t<\/div>\n\t\t\t\t<\/div>\n\t\t\t\t<div class=\"elementor-element elementor-element-49b53bf link-navigeren elementor-widget elementor-widget-heading\" data-id=\"49b53bf\" data-element_type=\"widget\" data-widget_type=\"heading.default\">\n\t\t\t\t<div class=\"elementor-widget-container\">\n\t\t\t\t\t<span class=\"elementor-heading-title elementor-size-default\"><a href=\"https:\/\/goo.gl\/maps\/XfuWeRm1RGvVryi26\" target=\"_blank\">Navigieren Sie direkt &gt;<\/a><\/span>\t\t\t\t<\/div>\n\t\t\t\t<\/div>\n\t\t\t\t\t<\/div>\n\t\t<\/div>\n\t\t\t\t\t<\/div>\n\t\t<\/section>\n\t\t\t\t\t<\/div>\n\t\t<\/div>\n\t\t\t\t\t<\/div>\n\t\t<\/section>\n\t\t\t\t<section class=\"elementor-section elementor-top-section elementor-element elementor-element-063b1a8 elementor-section-boxed elementor-section-height-default elementor-section-height-default\" data-id=\"063b1a8\" data-element_type=\"section\">\n\t\t\t\t\t\t<div class=\"elementor-container elementor-column-gap-default\">\n\t\t\t\t\t<div class=\"elementor-column elementor-col-50 elementor-top-column elementor-element elementor-element-124289c\" data-id=\"124289c\" data-element_type=\"column\">\n\t\t\t<div class=\"elementor-widget-wrap elementor-element-populated\">\n\t\t\t\t\t\t<div class=\"elementor-element elementor-element-7ad5828 elementor-widget elementor-widget-heading\" data-id=\"7ad5828\" data-element_type=\"widget\" data-widget_type=\"heading.default\">\n\t\t\t\t<div class=\"elementor-widget-container\">\n\t\t\t\t\t<h3 class=\"elementor-heading-title elementor-size-default\">Eine vollst\u00e4ndige Fachmesse f\u00fcr Landwirtschaft, Ackerbau, Bodenzucht, Gr\u00fcntechnik, Rinderhaltung und Mechanisierung bietet nicht nur Neuigkeiten. Es handelt sich auf dieser Messe nicht nur \u00fcber Traktoren, Milchmaschinen und sondern aber auch um themenbezogene Bildung und Informationen bez\u00fcglich z.B. Stickstoff und erneuerbare Energie. <\/h3>\t\t\t\t<\/div>\n\t\t\t\t<\/div>\n\t\t\t\t<div class=\"elementor-element elementor-element-db74998 elementor-widget elementor-widget-text-editor\" data-id=\"db74998\" data-element_type=\"widget\" data-widget_type=\"text-editor.default\">\n\t\t\t\t<div class=\"elementor-widget-container\">\n\t\t\t\t\t\t\t\t\t<p>Erleben Sie drei Tage voller Innovationen, Fachwissen und Networking in einer der bedeutendsten Agrarregionen Europas. Alle Informationen sind auf der Fachmesse vorhanden, die die Besucher direkt in ihrem Unternehmen anwenden k\u00f6nnen. Diese Fachmesse ist\u202fdie\u202fperfekte Gelegenheit, live Meetings direkt in Gesch\u00e4fte umzusetzen.<\/p>\t\t\t\t\t\t\t\t<\/div>\n\t\t\t\t<\/div>\n\t\t\t\t<div class=\"elementor-element elementor-element-3a452ce elementor-widget elementor-widget-heading\" data-id=\"3a452ce\" data-element_type=\"widget\" data-widget_type=\"heading.default\">\n\t\t\t\t<div class=\"elementor-widget-container\">\n\t\t\t\t\t<h4 class=\"elementor-heading-title elementor-size-default\">Notieren Sie sich unbedingt dieses Datum, damit Sie diese Messe nicht verpassen. Ein gro\u00dfes Gebiet mit vielen M\u00f6glichkeiten f\u00fcr alle Bereiche, sowohl Agrar als Weinbau.<\/h4>\t\t\t\t<\/div>\n\t\t\t\t<\/div>\n\t\t\t\t<div class=\"elementor-element elementor-element-4fdf90e elementor-align-justify elementor-widget__width-initial elementor-widget elementor-widget-button\" data-id=\"4fdf90e\" data-element_type=\"widget\" data-widget_type=\"button.default\">\n\t\t\t\t<div class=\"elementor-widget-container\">\n\t\t\t\t\t\t\t\t\t<div class=\"elementor-button-wrapper\">\n\t\t\t\t\t<a class=\"elementor-button elementor-button-link elementor-size-md\" href=\"https:\/\/www.landwirtschaftsmesse.com\/rheinland-pfalz\/wp-content\/uploads\/2026\/02\/Anmeldeformular-Rheinland-Innen-2026_V01.pdf\" target=\"_blank\">\n\t\t\t\t\t\t<span class=\"elementor-button-content-wrapper\">\n\t\t\t\t\t\t<span class=\"elementor-button-icon\">\n\t\t\t\t<i aria-hidden=\"true\" class=\"fas fa-caret-right\"><\/i>\t\t\t<\/span>\n\t\t\t\t\t\t\t\t\t<span class=\"elementor-button-text\">Anmeldeformular Innen<\/span>\n\t\t\t\t\t<\/span>\n\t\t\t\t\t<\/a>\n\t\t\t\t<\/div>\n\t\t\t\t\t\t\t\t<\/div>\n\t\t\t\t<\/div>\n\t\t\t\t<div class=\"elementor-element elementor-element-b41f906 elementor-align-justify elementor-widget__width-initial elementor-widget elementor-widget-button\" data-id=\"b41f906\" data-element_type=\"widget\" data-widget_type=\"button.default\">\n\t\t\t\t<div class=\"elementor-widget-container\">\n\t\t\t\t\t\t\t\t\t<div class=\"elementor-button-wrapper\">\n\t\t\t\t\t<a class=\"elementor-button elementor-button-link elementor-size-md\" href=\"https:\/\/www.landwirtschaftsmesse.com\/rheinland-pfalz\/wp-content\/uploads\/2026\/02\/Anmeldeformular-Rheinland-Drausen-2026_V01.pdf\" target=\"_blank\">\n\t\t\t\t\t\t<span class=\"elementor-button-content-wrapper\">\n\t\t\t\t\t\t<span class=\"elementor-button-icon\">\n\t\t\t\t<i aria-hidden=\"true\" class=\"fas fa-caret-right\"><\/i>\t\t\t<\/span>\n\t\t\t\t\t\t\t\t\t<span class=\"elementor-button-text\">Anmeldeformular Drau\u00dfen<\/span>\n\t\t\t\t\t<\/span>\n\t\t\t\t\t<\/a>\n\t\t\t\t<\/div>\n\t\t\t\t\t\t\t\t<\/div>\n\t\t\t\t<\/div>\n\t\t\t\t<div class=\"elementor-element elementor-element-04cb04f elementor-align-justify elementor-widget__width-initial elementor-hidden-desktop elementor-hidden-tablet_extra elementor-hidden-tablet elementor-hidden-mobile elementor-widget elementor-widget-button\" data-id=\"04cb04f\" data-element_type=\"widget\" data-widget_type=\"button.default\">\n\t\t\t\t<div class=\"elementor-widget-container\">\n\t\t\t\t\t\t\t\t\t<div class=\"elementor-button-wrapper\">\n\t\t\t\t\t<a class=\"elementor-button elementor-button-link elementor-size-md\" href=\"https:\/\/www.landwirtschaftsmesse.com\/rheinland-pfalz\/wp-content\/uploads\/2024\/03\/Anmeldeformular-Rheinland-Maschinen.pdf\" target=\"_blank\">\n\t\t\t\t\t\t<span class=\"elementor-button-content-wrapper\">\n\t\t\t\t\t\t<span class=\"elementor-button-icon\">\n\t\t\t\t<i aria-hidden=\"true\" class=\"fas fa-caret-right\"><\/i>\t\t\t<\/span>\n\t\t\t\t\t\t\t\t\t<span class=\"elementor-button-text\">Anmeldeformular Maschine(n)<\/span>\n\t\t\t\t\t<\/span>\n\t\t\t\t\t<\/a>\n\t\t\t\t<\/div>\n\t\t\t\t\t\t\t\t<\/div>\n\t\t\t\t<\/div>\n\t\t\t\t\t<\/div>\n\t\t<\/div>\n\t\t\t\t<div class=\"elementor-column elementor-col-50 elementor-top-column elementor-element elementor-element-bb0917a\" data-id=\"bb0917a\" data-element_type=\"column\">\n\t\t\t<div class=\"elementor-widget-wrap elementor-element-populated\">\n\t\t\t\t\t\t<div class=\"elementor-element elementor-element-55c5cb7 elementor-widget elementor-widget-image\" data-id=\"55c5cb7\" data-element_type=\"widget\" data-widget_type=\"image.default\">\n\t\t\t\t<div class=\"elementor-widget-container\">\n\t\t\t\t\t\t\t\t\t\t\t\t\t\t\t<img fetchpriority=\"high\" decoding=\"async\" width=\"800\" height=\"600\" src=\"https:\/\/www.landwirtschaftsmesse.com\/rheinland-pfalz\/wp-content\/uploads\/2023\/01\/koeien-close.jpg\" class=\"attachment-large size-large wp-image-42773\" alt=\"\" srcset=\"https:\/\/www.landwirtschaftsmesse.com\/rheinland-pfalz\/wp-content\/uploads\/2023\/01\/koeien-close.jpg 800w, https:\/\/www.landwirtschaftsmesse.com\/rheinland-pfalz\/wp-content\/uploads\/2023\/01\/koeien-close-300x225.jpg 300w, https:\/\/www.landwirtschaftsmesse.com\/rheinland-pfalz\/wp-content\/uploads\/2023\/01\/koeien-close-768x576.jpg 768w, https:\/\/www.landwirtschaftsmesse.com\/rheinland-pfalz\/wp-content\/uploads\/2023\/01\/koeien-close-600x450.jpg 600w\" sizes=\"(max-width: 800px) 100vw, 800px\" \/>\t\t\t\t\t\t\t\t\t\t\t\t\t\t\t<\/div>\n\t\t\t\t<\/div>\n\t\t\t\t<div class=\"elementor-element elementor-element-0dab9f5 elementor-widget elementor-widget-heading\" data-id=\"0dab9f5\" data-element_type=\"widget\" data-widget_type=\"heading.default\">\n\t\t\t\t<div class=\"elementor-widget-container\">\n\t\t\t\t\t<h3 class=\"elementor-heading-title elementor-size-default\">Warum Sie diese Messe nicht verpassen sollten: <\/h3>\t\t\t\t<\/div>\n\t\t\t\t<\/div>\n\t\t\t\t<div class=\"elementor-element elementor-element-75d6244 elementor-icon-list--layout-traditional elementor-list-item-link-full_width elementor-widget elementor-widget-icon-list\" data-id=\"75d6244\" data-element_type=\"widget\" data-widget_type=\"icon-list.default\">\n\t\t\t\t<div class=\"elementor-widget-container\">\n\t\t\t\t\t\t\t<ul class=\"elementor-icon-list-items\">\n\t\t\t\t\t\t\t<li class=\"elementor-icon-list-item\">\n\t\t\t\t\t\t\t\t\t\t\t<span class=\"elementor-icon-list-icon\">\n\t\t\t\t\t\t\t<i aria-hidden=\"true\" class=\"fas fa-circle\"><\/i>\t\t\t\t\t\t<\/span>\n\t\t\t\t\t\t\t\t\t\t<span class=\"elementor-icon-list-text\">Fachorientiertes Publikum: Treffen Sie auf Experten und Praktiker aus allen Bereichen der Landwirtschaft. Nutzen Sie die Gelegenheit, sich mit Gleichgesinnten auszutauschen und wertvolle Einblicke zu gewinnen. <\/span>\n\t\t\t\t\t\t\t\t\t<\/li>\n\t\t\t\t\t\t\t\t<li class=\"elementor-icon-list-item\">\n\t\t\t\t\t\t\t\t\t\t\t<span class=\"elementor-icon-list-icon\">\n\t\t\t\t\t\t\t<i aria-hidden=\"true\" class=\"fas fa-circle\"><\/i>\t\t\t\t\t\t<\/span>\n\t\t\t\t\t\t\t\t\t\t<span class=\"elementor-icon-list-text\">Innovationen entdecken: Erleben Sie die neuesten Technologien und Methoden, die die Landwirtschaft revolutionieren. Von modernster Landtechnik \u00fcber digitale L\u00f6sungen bis hin zu nachhaltigen Anbaumethoden \u2013 lassen Sie sich inspirieren! <\/span>\n\t\t\t\t\t\t\t\t\t<\/li>\n\t\t\t\t\t\t\t\t<li class=\"elementor-icon-list-item\">\n\t\t\t\t\t\t\t\t\t\t\t<span class=\"elementor-icon-list-icon\">\n\t\t\t\t\t\t\t<i aria-hidden=\"true\" class=\"fas fa-circle\"><\/i>\t\t\t\t\t\t<\/span>\n\t\t\t\t\t\t\t\t\t\t<span class=\"elementor-icon-list-text\">Netzwerken: Kn\u00fcpfen Sie wertvolle Kontakte zu Kollegen, Partnern und potenziellen Kunden. Die Messe bietet die ideale Plattform, um Ihr Netzwerk zu erweitern und Kooperationen zu f\u00f6rdern. <\/span>\n\t\t\t\t\t\t\t\t\t<\/li>\n\t\t\t\t\t\t\t\t<li class=\"elementor-icon-list-item\">\n\t\t\t\t\t\t\t\t\t\t\t<span class=\"elementor-icon-list-icon\">\n\t\t\t\t\t\t\t<i aria-hidden=\"true\" class=\"fas fa-circle\"><\/i>\t\t\t\t\t\t<\/span>\n\t\t\t\t\t\t\t\t\t\t<span class=\"elementor-icon-list-text\">Effiziente Kommunikation: In nur drei Tagen haben Sie die M\u00f6glichkeit, mehr Gespr\u00e4che zu f\u00fchren und Informationen auszutauschen, als es Wochen im Au\u00dfendienst erm\u00f6glichen w\u00fcrden. Nutzen Sie diese konzentrierte Form des Dialogs! <\/span>\n\t\t\t\t\t\t\t\t\t<\/li>\n\t\t\t\t\t\t<\/ul>\n\t\t\t\t\t\t<\/div>\n\t\t\t\t<\/div>\n\t\t\t\t<div class=\"elementor-element elementor-element-4ab9045 elementor-widget elementor-widget-heading\" data-id=\"4ab9045\" data-element_type=\"widget\" data-widget_type=\"heading.default\">\n\t\t\t\t<div class=\"elementor-widget-container\">\n\t\t\t\t\t<h3 class=\"elementor-heading-title elementor-size-default\">Standoptionen<\/h3>\t\t\t\t<\/div>\n\t\t\t\t<\/div>\n\t\t\t\t<div class=\"elementor-element elementor-element-e7e030e elementor-widget elementor-widget-text-editor\" data-id=\"e7e030e\" data-element_type=\"widget\" data-widget_type=\"text-editor.default\">\n\t\t\t\t<div class=\"elementor-widget-container\">\n\t\t\t\t\t\t\t\t\t<p>Sowohl Indoor- als auch Outdoor-St\u00e4nde verf\u00fcgbar!<br \/>Fragen Sie nach den M\u00f6glichkeiten.<\/p>\t\t\t\t\t\t\t\t<\/div>\n\t\t\t\t<\/div>\n\t\t\t\t\t<\/div>\n\t\t<\/div>\n\t\t\t\t\t<\/div>\n\t\t<\/section>\n\t\t\t\t<section class=\"elementor-section elementor-top-section elementor-element elementor-element-819e97e elementor-section-content-middle elementor-section-boxed elementor-section-height-default elementor-section-height-default\" data-id=\"819e97e\" data-element_type=\"section\" data-settings=\"{&quot;background_background&quot;:&quot;classic&quot;}\">\n\t\t\t\t\t\t<div class=\"elementor-container elementor-column-gap-default\">\n\t\t\t\t\t<div class=\"elementor-column elementor-col-50 elementor-top-column elementor-element elementor-element-85280bf\" data-id=\"85280bf\" data-element_type=\"column\">\n\t\t\t<div class=\"elementor-widget-wrap elementor-element-populated\">\n\t\t\t\t\t\t<div class=\"elementor-element elementor-element-c66f9f8 elementor-widget elementor-widget-heading\" data-id=\"c66f9f8\" data-element_type=\"widget\" data-widget_type=\"heading.default\">\n\t\t\t\t<div class=\"elementor-widget-container\">\n\t\t\t\t\t<h3 class=\"elementor-heading-title elementor-size-default\">Aktuelles Thema: Effizientes Stickstoffmanagement <\/h3>\t\t\t\t<\/div>\n\t\t\t\t<\/div>\n\t\t\t\t<div class=\"elementor-element elementor-element-27d396c elementor-widget elementor-widget-text-editor\" data-id=\"27d396c\" data-element_type=\"widget\" data-widget_type=\"text-editor.default\">\n\t\t\t\t<div class=\"elementor-widget-container\">\n\t\t\t\t\t\t\t\t\t<p><span data-contrast=\"auto\">Stickstoff ist ein unverzichtbarer N\u00e4hrstoff f\u00fcr das Pflanzenwachstum. Ein \u00fcberm\u00e4\u00dfiger Einsatz kann jedoch zu erheblichen Umweltbelastungen f\u00fchren, darunter die Verschmutzung von Gew\u00e4ssern und die Beeintr\u00e4chtigung der Biodiversit\u00e4t. Die Landwirtschaft steht daher vor der Herausforderung, Stickstoff effizienter zu nutzen und \u00dcbersch\u00fcsse zu reduzieren. Innovative Ans\u00e4tze und Technologien, wie sie auf der Messe pr\u00e4sentiert werden, spielen dabei eine entscheidende Rolle.\u00a0<\/span><span data-ccp-props=\"{&quot;134233117&quot;:true,&quot;134233118&quot;:true,&quot;201341983&quot;:0,&quot;335559740&quot;:240}\">\u00a0<\/span><\/p><p><b><span data-contrast=\"auto\">Regionale Bedeutung:<\/span><\/b><span data-ccp-props=\"{&quot;134233117&quot;:true,&quot;134233118&quot;:true,&quot;201341983&quot;:0,&quot;335559740&quot;:240}\">\u00a0<\/span><\/p><p><span data-contrast=\"auto\">Die Messe richtet sich an Fachbesucher aus Rheinland-Pfalz, dem Saarland und Luxemburg. Das Einzugsgebiet erstreckt sich bis in den Eifelkreis Bitburg-Pr\u00fcm, eine Region mit einer reichen landwirtschaftlichen Tradition und einer Vielzahl von Milchviehhaltern sowie Ackerbau- und Gr\u00fcnlandbetrieben.<\/span><span data-ccp-props=\"{&quot;134233117&quot;:true,&quot;134233118&quot;:true,&quot;201341983&quot;:0,&quot;335559740&quot;:240}\">\u00a0<\/span><\/p><p><b><span data-contrast=\"auto\">Seien Sie dabei!<\/span><\/b><span data-ccp-props=\"{&quot;134233117&quot;:true,&quot;134233118&quot;:true,&quot;201341983&quot;:0,&quot;335559740&quot;:240}\">\u00a0<\/span><\/p><p><span data-contrast=\"auto\">Tauchen Sie ein in die Welt der Landwirtschaft, entdecken Sie zukunftsweisende Entwicklungen und gestalten Sie gemeinsam mit uns die Zukunft einer nachhaltigen Agrarwirtschaft. Wir freuen uns auf Ihren Besuch auf der Landwirtschaftsmesse Rheinland-Pfalz 2027 in Trier!<\/span><span data-ccp-props=\"{&quot;134233117&quot;:true,&quot;134233118&quot;:true,&quot;201341983&quot;:0,&quot;335559740&quot;:240}\">\u00a0<\/span><\/p>\t\t\t\t\t\t\t\t<\/div>\n\t\t\t\t<\/div>\n\t\t\t\t<div class=\"elementor-element elementor-element-fae7650 elementor-widget elementor-widget-heading\" data-id=\"fae7650\" data-element_type=\"widget\" data-widget_type=\"heading.default\">\n\t\t\t\t<div class=\"elementor-widget-container\">\n\t\t\t\t\t<h3 class=\"elementor-heading-title elementor-size-default\">Kommen Sie auch? Tickets hier bestellen<\/h3>\t\t\t\t<\/div>\n\t\t\t\t<\/div>\n\t\t\t\t<div class=\"elementor-element elementor-element-6781f01 elementor-align-left elementor-tablet-align-justify elementor-widget elementor-widget-button\" data-id=\"6781f01\" data-element_type=\"widget\" data-widget_type=\"button.default\">\n\t\t\t\t<div class=\"elementor-widget-container\">\n\t\t\t\t\t\t\t\t\t<div class=\"elementor-button-wrapper\">\n\t\t\t\t\t<a class=\"elementor-button elementor-button-link elementor-size-md\" href=\"https:\/\/www.landwirtschaftsmesse.com\/rheinland-pfalz\/karten-bestellen\/\">\n\t\t\t\t\t\t<span class=\"elementor-button-content-wrapper\">\n\t\t\t\t\t\t<span class=\"elementor-button-icon\">\n\t\t\t\t<i aria-hidden=\"true\" class=\"fas fa-caret-right\"><\/i>\t\t\t<\/span>\n\t\t\t\t\t\t\t\t\t<span class=\"elementor-button-text\">Bestellen Sie Ihr(e) Karte(n)<\/span>\n\t\t\t\t\t<\/span>\n\t\t\t\t\t<\/a>\n\t\t\t\t<\/div>\n\t\t\t\t\t\t\t\t<\/div>\n\t\t\t\t<\/div>\n\t\t\t\t\t<\/div>\n\t\t<\/div>\n\t\t\t\t<div class=\"elementor-column elementor-col-50 elementor-top-column elementor-element elementor-element-501aa6b\" data-id=\"501aa6b\" data-element_type=\"column\">\n\t\t\t<div class=\"elementor-widget-wrap elementor-element-populated\">\n\t\t\t\t\t\t<div class=\"elementor-element elementor-element-c064c3f elementor-widget elementor-widget-image\" data-id=\"c064c3f\" data-element_type=\"widget\" data-widget_type=\"image.default\">\n\t\t\t\t<div class=\"elementor-widget-container\">\n\t\t\t\t\t\t\t\t\t\t\t\t\t\t\t<img decoding=\"async\" width=\"517\" height=\"625\" src=\"https:\/\/www.landwirtschaftsmesse.com\/rheinland-pfalz\/wp-content\/uploads\/2022\/12\/home-afbeelding.jpg\" class=\"attachment-full size-full wp-image-42363\" alt=\"\" srcset=\"https:\/\/www.landwirtschaftsmesse.com\/rheinland-pfalz\/wp-content\/uploads\/2022\/12\/home-afbeelding.jpg 517w, https:\/\/www.landwirtschaftsmesse.com\/rheinland-pfalz\/wp-content\/uploads\/2022\/12\/home-afbeelding-248x300.jpg 248w\" sizes=\"(max-width: 517px) 100vw, 517px\" \/>\t\t\t\t\t\t\t\t\t\t\t\t\t\t\t<\/div>\n\t\t\t\t<\/div>\n\t\t\t\t\t<\/div>\n\t\t<\/div>\n\t\t\t\t\t<\/div>\n\t\t<\/section>\n\t\t\t\t<section class=\"elementor-section elementor-top-section elementor-element elementor-element-161d63d elementor-section-content-middle elementor-section-boxed elementor-section-height-default elementor-section-height-default\" data-id=\"161d63d\" data-element_type=\"section\">\n\t\t\t\t\t\t<div class=\"elementor-container elementor-column-gap-default\">\n\t\t\t\t\t<div class=\"elementor-column elementor-col-50 elementor-top-column elementor-element elementor-element-9fd9d31\" data-id=\"9fd9d31\" data-element_type=\"column\">\n\t\t\t<div class=\"elementor-widget-wrap elementor-element-populated\">\n\t\t\t\t\t\t<div class=\"elementor-element elementor-element-bfee83c elementor-widget elementor-widget-heading\" data-id=\"bfee83c\" data-element_type=\"widget\" data-widget_type=\"heading.default\">\n\t\t\t\t<div class=\"elementor-widget-container\">\n\t\t\t\t\t<h3 class=\"elementor-heading-title elementor-size-default\">Ort und Adresse\n<\/h3>\t\t\t\t<\/div>\n\t\t\t\t<\/div>\n\t\t\t\t<div class=\"elementor-element elementor-element-ecfcc1b elementor-widget elementor-widget-text-editor\" data-id=\"ecfcc1b\" data-element_type=\"widget\" data-widget_type=\"text-editor.default\">\n\t\t\t\t<div class=\"elementor-widget-container\">\n\t\t\t\t\t\t\t\t\t<p>Auf dem Gel\u00e4nde k\u00f6nnen Sie Ihr Fahrzeug abstellen. Befolgen Sie bitte die Anweisungen der Parkbegleitung. Sie werden Ihnen einen Parkplatz zuweisen.<\/p>\t\t\t\t\t\t\t\t<\/div>\n\t\t\t\t<\/div>\n\t\t\t\t<div class=\"elementor-element elementor-element-8debbdb elementor-widget elementor-widget-heading\" data-id=\"8debbdb\" data-element_type=\"widget\" data-widget_type=\"heading.default\">\n\t\t\t\t<div class=\"elementor-widget-container\">\n\t\t\t\t\t<h5 class=\"elementor-heading-title elementor-size-default\">Parken 3\u20ac<\/h5>\t\t\t\t<\/div>\n\t\t\t\t<\/div>\n\t\t\t\t<div class=\"elementor-element elementor-element-49da1aa elementor-widget elementor-widget-text-editor\" data-id=\"49da1aa\" data-element_type=\"widget\" data-widget_type=\"text-editor.default\">\n\t\t\t\t<div class=\"elementor-widget-container\">\n\t\t\t\t\t\t\t\t\t<p><b>Standort<\/b><br \/>In den Moselauen 1<br \/><span class=\"TextRun SCXW234075845 BCX0\" lang=\"DE-DE\" xml:lang=\"DE-DE\" data-contrast=\"none\"><span class=\"NormalTextRun SCXW234075845 BCX0\">54294 <\/span><\/span> Trier<br \/><a href=\"tel:+31857731085\">+31(0)85-7731085<\/a><br \/><a class=\"LinkThemeablePresentation LinkPrimaryPresentation LinkPrimaryPresentation--sentimentSelected PrimaryLink HighlightSol HighlightSol--core HighlightSol--buildingBlock\" href=\"mailto:info@cno-expo.de\" target=\"_blank\" rel=\"noreferrer noopener\">info@cno-expo.de<\/a><\/p>\t\t\t\t\t\t\t\t<\/div>\n\t\t\t\t<\/div>\n\t\t\t\t\t<\/div>\n\t\t<\/div>\n\t\t\t\t<div class=\"elementor-column elementor-col-50 elementor-top-column elementor-element elementor-element-38cc84a\" data-id=\"38cc84a\" data-element_type=\"column\">\n\t\t\t<div class=\"elementor-widget-wrap elementor-element-populated\">\n\t\t\t\t\t\t<div class=\"elementor-element elementor-element-4103706 elementor-widget elementor-widget-google_maps\" data-id=\"4103706\" data-element_type=\"widget\" data-widget_type=\"google_maps.default\">\n\t\t\t\t<div class=\"elementor-widget-container\">\n\t\t\t\t\t\t\t<div class=\"elementor-custom-embed\">\n\t\t\t<iframe loading=\"lazy\"\n\t\t\t\t\tsrc=\"https:\/\/maps.google.com\/maps?q=In%20den%20moselauen%201%20trier&#038;t=m&#038;z=12&#038;output=embed&#038;iwloc=near\"\n\t\t\t\t\ttitle=\"In den moselauen 1 trier\"\n\t\t\t\t\taria-label=\"In den moselauen 1 trier\"\n\t\t\t><\/iframe>\n\t\t<\/div>\n\t\t\t\t\t\t<\/div>\n\t\t\t\t<\/div>\n\t\t\t\t\t<\/div>\n\t\t<\/div>\n\t\t\t\t\t<\/div>\n\t\t<\/section>\n\t\t\t\t<section class=\"elementor-section elementor-top-section elementor-element elementor-element-236fae3 elementor-section-boxed elementor-section-height-default elementor-section-height-default\" data-id=\"236fae3\" data-element_type=\"section\">\n\t\t\t\t\t\t<div class=\"elementor-container elementor-column-gap-default\">\n\t\t\t\t\t<div class=\"elementor-column elementor-col-50 elementor-top-column elementor-element elementor-element-0c580af\" data-id=\"0c580af\" data-element_type=\"column\">\n\t\t\t<div class=\"elementor-widget-wrap elementor-element-populated\">\n\t\t\t\t\t\t<div class=\"elementor-element elementor-element-4b3f00f elementor-widget elementor-widget-heading\" data-id=\"4b3f00f\" data-element_type=\"widget\" data-widget_type=\"heading.default\">\n\t\t\t\t<div class=\"elementor-widget-container\">\n\t\t\t\t\t<h3 class=\"elementor-heading-title elementor-size-default\">Auf- und Abbauzeiten\n<\/h3>\t\t\t\t<\/div>\n\t\t\t\t<\/div>\n\t\t\t\t<div class=\"elementor-element elementor-element-29dff6c elementor-widget elementor-widget-heading\" data-id=\"29dff6c\" data-element_type=\"widget\" data-widget_type=\"heading.default\">\n\t\t\t\t<div class=\"elementor-widget-container\">\n\t\t\t\t\t<h5 class=\"elementor-heading-title elementor-size-default\">Aufbauzeiten\n<\/h5>\t\t\t\t<\/div>\n\t\t\t\t<\/div>\n\t\t\t\t<div class=\"elementor-element elementor-element-89d5c47 tabel uael-header-sticky-no uael-border-yes elementor-widget elementor-widget-uael-table\" data-id=\"89d5c47\" data-element_type=\"widget\" data-widget_type=\"uael-table.default\">\n\t\t\t\t<div class=\"elementor-widget-container\">\n\t\t\t\t\t<div itemscope class=\"uael-table-wrapper\" itemtype=\"http:\/\/schema.org\/Table\">\n\t\t<table id=\"uael-table-id-89d5c47\" class=\"uael-text-break uael-column-rules uael-table\" data-sort-table=\"no\" data-show-entry=\"no\" data-searchable=\"no\" data-responsive=\"no\">\n\t\t\t\t<tbody>\n\t\t\t<!-- ROWS -->\n\t\t\t\t\t\t\t\t\t\t<tr data-entry=\"1\" class=\"uael-table-row\">\n\t\t\t\t\t\t\t\t\t\t\t\t\t\t\t\t\t<td class=\"uael-table-col uael-table-body-cell-text elementor-repeater-item-5ee48b4\">\n\t\t\t\t\t\t\t\t\t\t\t\t\t\t\t<span class=\"uael-table__text\">\n\t\t\t\t\t\t\t\t\t\t\t\t\t\t\t\t\t\t\t\t\t\t\t\t\t\t\t\t\t\t\t\t\t\t\t\t\t<span class=\"uael-table__text-inner\">Freitag 15. Januar<\/span>\n\t\t\t\t\t\t\t\t\t\t\t\t\t\t\t\t\t\t\t\t\t\t\t\t\t\t\t\t\t\t\t\t\t\t\t\t<\/span>\n\t\t\t\t\t\t\t\t\t\t\t\t\t<\/td>\n\t\t\t\t\t\t\t\t\t\t\t\t\t<td class=\"uael-table-col uael-table-body-cell-text elementor-repeater-item-4ce2d5d\">\n\t\t\t\t\t\t\t\t\t\t\t\t\t\t\t<span class=\"uael-table__text\">\n\t\t\t\t\t\t\t\t\t\t\t\t\t\t\t\t\t\t\t\t\t\t\t\t\t\t\t\t\t\t\t\t\t\t\t\t\t<span class=\"uael-table__text-inner\">08.00 \u2013 18.00 Uhr<\/span>\n\t\t\t\t\t\t\t\t\t\t\t\t\t\t\t\t\t\t\t\t\t\t\t\t\t\t\t\t\t\t\t\t\t\t\t\t<\/span>\n\t\t\t\t\t\t\t\t\t\t\t\t\t<\/td>\n\t\t\t\t\t\t\t\t\t\t\t\t\t\t<\/tr><tr data-entry=\"2\" class=\"uael-table-row\">\n\t\t\t\t\t\t\t\t\t\t\t\t\t\t\t\t\t\t<td class=\"uael-table-col uael-table-body-cell-text elementor-repeater-item-3b905b8\">\n\t\t\t\t\t\t\t\t\t\t\t\t\t\t\t<span class=\"uael-table__text\">\n\t\t\t\t\t\t\t\t\t\t\t\t\t\t\t\t\t\t\t\t\t\t\t\t\t\t\t\t\t\t\t\t\t\t\t\t\t<span class=\"uael-table__text-inner\">Samstag 16. Januar<\/span>\n\t\t\t\t\t\t\t\t\t\t\t\t\t\t\t\t\t\t\t\t\t\t\t\t\t\t\t\t\t\t\t\t\t\t\t\t<\/span>\n\t\t\t\t\t\t\t\t\t\t\t\t\t<\/td>\n\t\t\t\t\t\t\t\t\t\t\t\t\t<td class=\"uael-table-col uael-table-body-cell-text elementor-repeater-item-ee5f1bc\">\n\t\t\t\t\t\t\t\t\t\t\t\t\t\t\t<span class=\"uael-table__text\">\n\t\t\t\t\t\t\t\t\t\t\t\t\t\t\t\t\t\t\t\t\t\t\t\t\t\t\t\t\t\t\t\t\t\t\t\t\t<span class=\"uael-table__text-inner\">08.00 \u2013 18.00 Uhr<\/span>\n\t\t\t\t\t\t\t\t\t\t\t\t\t\t\t\t\t\t\t\t\t\t\t\t\t\t\t\t\t\t\t\t\t\t\t\t<\/span>\n\t\t\t\t\t\t\t\t\t\t\t\t\t<\/td>\n\t\t\t\t\t\t\t\t\t\t\t\t\t\t<\/tr><tr data-entry=\"3\" class=\"uael-table-row\">\n\t\t\t\t\t\t\t\t\t\t\t\t\t\t\t\t\t\t<td class=\"uael-table-col uael-table-body-cell-text elementor-repeater-item-f76797f\">\n\t\t\t\t\t\t\t\t\t\t\t\t\t\t\t<span class=\"uael-table__text\">\n\t\t\t\t\t\t\t\t\t\t\t\t\t\t\t\t\t\t\t\t\t\t\t\t\t\t\t\t\t\t\t\t\t\t\t\t\t<span class=\"uael-table__text-inner\">Sonntag 17. Januar<\/span>\n\t\t\t\t\t\t\t\t\t\t\t\t\t\t\t\t\t\t\t\t\t\t\t\t\t\t\t\t\t\t\t\t\t\t\t\t<\/span>\n\t\t\t\t\t\t\t\t\t\t\t\t\t<\/td>\n\t\t\t\t\t\t\t\t\t\t\t\t\t<td class=\"uael-table-col uael-table-body-cell-text elementor-repeater-item-9fd8d7c\">\n\t\t\t\t\t\t\t\t\t\t\t\t\t\t\t<span class=\"uael-table__text\">\n\t\t\t\t\t\t\t\t\t\t\t\t\t\t\t\t\t\t\t\t\t\t\t\t\t\t\t\t\t\t\t\t\t\t\t\t\t<span class=\"uael-table__text-inner\">07.00 \u2013 09.00 Uhr (kleines Material)<\/span>\n\t\t\t\t\t\t\t\t\t\t\t\t\t\t\t\t\t\t\t\t\t\t\t\t\t\t\t\t\t\t\t\t\t\t\t\t<\/span>\n\t\t\t\t\t\t\t\t\t\t\t\t\t<\/td>\n\t\t\t\t\t\t\t\t\t<\/tbody>\n\t<\/table>\n\t\t<\/div>\n\t\t\t\t<\/div>\n\t\t\t\t<\/div>\n\t\t\t\t<div class=\"elementor-element elementor-element-1f426c0 elementor-widget elementor-widget-heading\" data-id=\"1f426c0\" data-element_type=\"widget\" data-widget_type=\"heading.default\">\n\t\t\t\t<div class=\"elementor-widget-container\">\n\t\t\t\t\t<h5 class=\"elementor-heading-title elementor-size-default\">Abbauzeiten<\/h5>\t\t\t\t<\/div>\n\t\t\t\t<\/div>\n\t\t\t\t<div class=\"elementor-element elementor-element-86468cb tabel uael-header-sticky-no uael-border-yes elementor-widget elementor-widget-uael-table\" data-id=\"86468cb\" data-element_type=\"widget\" data-widget_type=\"uael-table.default\">\n\t\t\t\t<div class=\"elementor-widget-container\">\n\t\t\t\t\t<div itemscope class=\"uael-table-wrapper\" itemtype=\"http:\/\/schema.org\/Table\">\n\t\t<table id=\"uael-table-id-86468cb\" class=\"uael-text-break uael-column-rules uael-table\" data-sort-table=\"no\" data-show-entry=\"no\" data-searchable=\"no\" data-responsive=\"no\">\n\t\t\t\t<tbody>\n\t\t\t<!-- ROWS -->\n\t\t\t\t\t\t\t\t\t\t<tr data-entry=\"1\" class=\"uael-table-row\">\n\t\t\t\t\t\t\t\t\t\t\t\t\t\t\t\t\t<td class=\"uael-table-col uael-table-body-cell-text elementor-repeater-item-6e118fc\">\n\t\t\t\t\t\t\t\t\t\t\t\t\t\t\t<span class=\"uael-table__text\">\n\t\t\t\t\t\t\t\t\t\t\t\t\t\t\t\t\t\t\t\t\t\t\t\t\t\t\t\t\t\t\t\t\t\t\t\t\t<span class=\"uael-table__text-inner\">Dienstag 19. Januar<\/span>\n\t\t\t\t\t\t\t\t\t\t\t\t\t\t\t\t\t\t\t\t\t\t\t\t\t\t\t\t\t\t\t\t\t\t\t\t<\/span>\n\t\t\t\t\t\t\t\t\t\t\t\t\t<\/td>\n\t\t\t\t\t\t\t\t\t\t\t\t\t<td class=\"uael-table-col uael-table-body-cell-text elementor-repeater-item-1150cd3\">\n\t\t\t\t\t\t\t\t\t\t\t\t\t\t\t<span class=\"uael-table__text\">\n\t\t\t\t\t\t\t\t\t\t\t\t\t\t\t\t\t\t\t\t\t\t\t\t\t\t\t\t\t\t\t\t\t\t\t\t\t<span class=\"uael-table__text-inner\">\t18.00 \u2013 22.00 Uhr<\/span>\n\t\t\t\t\t\t\t\t\t\t\t\t\t\t\t\t\t\t\t\t\t\t\t\t\t\t\t\t\t\t\t\t\t\t\t\t<\/span>\n\t\t\t\t\t\t\t\t\t\t\t\t\t<\/td>\n\t\t\t\t\t\t\t\t\t\t\t\t\t\t<\/tr><tr data-entry=\"2\" class=\"uael-table-row\">\n\t\t\t\t\t\t\t\t\t\t\t\t\t\t\t\t\t\t<td class=\"uael-table-col uael-table-body-cell-text elementor-repeater-item-8b1dc5c\">\n\t\t\t\t\t\t\t\t\t\t\t\t\t\t\t<span class=\"uael-table__text\">\n\t\t\t\t\t\t\t\t\t\t\t\t\t\t\t\t\t\t\t\t\t\t\t\t\t\t\t\t\t\t\t\t\t\t\t\t\t<span class=\"uael-table__text-inner\">Mittwoch 20. Januar<\/span>\n\t\t\t\t\t\t\t\t\t\t\t\t\t\t\t\t\t\t\t\t\t\t\t\t\t\t\t\t\t\t\t\t\t\t\t\t<\/span>\n\t\t\t\t\t\t\t\t\t\t\t\t\t<\/td>\n\t\t\t\t\t\t\t\t\t\t\t\t\t<td class=\"uael-table-col uael-table-body-cell-text elementor-repeater-item-0646c84\">\n\t\t\t\t\t\t\t\t\t\t\t\t\t\t\t<span class=\"uael-table__text\">\n\t\t\t\t\t\t\t\t\t\t\t\t\t\t\t\t\t\t\t\t\t\t\t\t\t\t\t\t\t\t\t\t\t\t\t\t\t<span class=\"uael-table__text-inner\">08.00 \u2013 12.00 Uhr\n<\/span>\n\t\t\t\t\t\t\t\t\t\t\t\t\t\t\t\t\t\t\t\t\t\t\t\t\t\t\t\t\t\t\t\t\t\t\t\t<\/span>\n\t\t\t\t\t\t\t\t\t\t\t\t\t<\/td>\n\t\t\t\t\t\t\t\t\t<\/tbody>\n\t<\/table>\n\t\t<\/div>\n\t\t\t\t<\/div>\n\t\t\t\t<\/div>\n\t\t\t\t<div class=\"elementor-element elementor-element-51319ef elementor-widget elementor-widget-text-editor\" data-id=\"51319ef\" data-element_type=\"widget\" data-widget_type=\"text-editor.default\">\n\t\t\t\t<div class=\"elementor-widget-container\">\n\t\t\t\t\t\t\t\t\t<p>Abweichende Auf- und Abbauzeiten nur auf Anfrage<\/p>\t\t\t\t\t\t\t\t<\/div>\n\t\t\t\t<\/div>\n\t\t\t\t\t<\/div>\n\t\t<\/div>\n\t\t\t\t<div class=\"elementor-column elementor-col-50 elementor-top-column elementor-element elementor-element-ded7c4b\" data-id=\"ded7c4b\" data-element_type=\"column\">\n\t\t\t<div class=\"elementor-widget-wrap elementor-element-populated\">\n\t\t\t\t\t\t<div class=\"elementor-element elementor-element-37699b2 elementor-widget elementor-widget-heading\" data-id=\"37699b2\" data-element_type=\"widget\" data-widget_type=\"heading.default\">\n\t\t\t\t<div class=\"elementor-widget-container\">\n\t\t\t\t\t<h3 class=\"elementor-heading-title elementor-size-default\">\u00d6ffnungszeiten der Ausstellung\n<\/h3>\t\t\t\t<\/div>\n\t\t\t\t<\/div>\n\t\t\t\t<div class=\"elementor-element elementor-element-7b8de67 tabel uael-header-sticky-no uael-border-yes elementor-widget elementor-widget-uael-table\" data-id=\"7b8de67\" data-element_type=\"widget\" data-widget_type=\"uael-table.default\">\n\t\t\t\t<div class=\"elementor-widget-container\">\n\t\t\t\t\t<div itemscope class=\"uael-table-wrapper\" itemtype=\"http:\/\/schema.org\/Table\">\n\t\t<table id=\"uael-table-id-7b8de67\" class=\"uael-text-break uael-column-rules uael-table\" data-sort-table=\"no\" data-show-entry=\"no\" data-searchable=\"no\" data-responsive=\"no\">\n\t\t\t\t<tbody>\n\t\t\t<!-- ROWS -->\n\t\t\t\t\t\t\t\t\t\t<tr data-entry=\"1\" class=\"uael-table-row\">\n\t\t\t\t\t\t\t\t\t\t\t\t\t\t\t\t\t<td class=\"uael-table-col uael-table-body-cell-text elementor-repeater-item-6e118fc\">\n\t\t\t\t\t\t\t\t\t\t\t\t\t\t\t<span class=\"uael-table__text\">\n\t\t\t\t\t\t\t\t\t\t\t\t\t\t\t\t\t\t\t\t\t\t\t\t\t\t\t\t\t\t\t\t\t\t\t\t\t<span class=\"uael-table__text-inner\">Sonntag, 17. Januar<\/span>\n\t\t\t\t\t\t\t\t\t\t\t\t\t\t\t\t\t\t\t\t\t\t\t\t\t\t\t\t\t\t\t\t\t\t\t\t<\/span>\n\t\t\t\t\t\t\t\t\t\t\t\t\t<\/td>\n\t\t\t\t\t\t\t\t\t\t\t\t\t<td class=\"uael-table-col uael-table-body-cell-text elementor-repeater-item-1150cd3\">\n\t\t\t\t\t\t\t\t\t\t\t\t\t\t\t<span class=\"uael-table__text\">\n\t\t\t\t\t\t\t\t\t\t\t\t\t\t\t\t\t\t\t\t\t\t\t\t\t\t\t\t\t\t\t\t\t\t\t\t\t<span class=\"uael-table__text-inner\">09:30 \u2013 17:00 uur<\/span>\n\t\t\t\t\t\t\t\t\t\t\t\t\t\t\t\t\t\t\t\t\t\t\t\t\t\t\t\t\t\t\t\t\t\t\t\t<\/span>\n\t\t\t\t\t\t\t\t\t\t\t\t\t<\/td>\n\t\t\t\t\t\t\t\t\t\t\t\t\t\t<\/tr><tr data-entry=\"2\" class=\"uael-table-row\">\n\t\t\t\t\t\t\t\t\t\t\t\t\t\t\t\t\t\t<td class=\"uael-table-col uael-table-body-cell-text elementor-repeater-item-5ee48b4\">\n\t\t\t\t\t\t\t\t\t\t\t\t\t\t\t<span class=\"uael-table__text\">\n\t\t\t\t\t\t\t\t\t\t\t\t\t\t\t\t\t\t\t\t\t\t\t\t\t\t\t\t\t\t\t\t\t\t\t\t\t<span class=\"uael-table__text-inner\">Monntag, 18. Januar<\/span>\n\t\t\t\t\t\t\t\t\t\t\t\t\t\t\t\t\t\t\t\t\t\t\t\t\t\t\t\t\t\t\t\t\t\t\t\t<\/span>\n\t\t\t\t\t\t\t\t\t\t\t\t\t<\/td>\n\t\t\t\t\t\t\t\t\t\t\t\t\t<td class=\"uael-table-col uael-table-body-cell-text elementor-repeater-item-4ce2d5d\">\n\t\t\t\t\t\t\t\t\t\t\t\t\t\t\t<span class=\"uael-table__text\">\n\t\t\t\t\t\t\t\t\t\t\t\t\t\t\t\t\t\t\t\t\t\t\t\t\t\t\t\t\t\t\t\t\t\t\t\t\t<span class=\"uael-table__text-inner\">13.00 \u2013 21:30 uur<\/span>\n\t\t\t\t\t\t\t\t\t\t\t\t\t\t\t\t\t\t\t\t\t\t\t\t\t\t\t\t\t\t\t\t\t\t\t\t<\/span>\n\t\t\t\t\t\t\t\t\t\t\t\t\t<\/td>\n\t\t\t\t\t\t\t\t\t\t\t\t\t\t<\/tr><tr data-entry=\"3\" class=\"uael-table-row\">\n\t\t\t\t\t\t\t\t\t\t\t\t\t\t\t\t\t\t<td class=\"uael-table-col uael-table-body-cell-text elementor-repeater-item-8b1dc5c\">\n\t\t\t\t\t\t\t\t\t\t\t\t\t\t\t<span class=\"uael-table__text\">\n\t\t\t\t\t\t\t\t\t\t\t\t\t\t\t\t\t\t\t\t\t\t\t\t\t\t\t\t\t\t\t\t\t\t\t\t\t<span class=\"uael-table__text-inner\">Dienstag, 19. Januar<\/span>\n\t\t\t\t\t\t\t\t\t\t\t\t\t\t\t\t\t\t\t\t\t\t\t\t\t\t\t\t\t\t\t\t\t\t\t\t<\/span>\n\t\t\t\t\t\t\t\t\t\t\t\t\t<\/td>\n\t\t\t\t\t\t\t\t\t\t\t\t\t<td class=\"uael-table-col uael-table-body-cell-text elementor-repeater-item-0646c84\">\n\t\t\t\t\t\t\t\t\t\t\t\t\t\t\t<span class=\"uael-table__text\">\n\t\t\t\t\t\t\t\t\t\t\t\t\t\t\t\t\t\t\t\t\t\t\t\t\t\t\t\t\t\t\t\t\t\t\t\t\t<span class=\"uael-table__text-inner\">09:30 \u2013 17:00 uur<\/span>\n\t\t\t\t\t\t\t\t\t\t\t\t\t\t\t\t\t\t\t\t\t\t\t\t\t\t\t\t\t\t\t\t\t\t\t\t<\/span>\n\t\t\t\t\t\t\t\t\t\t\t\t\t<\/td>\n\t\t\t\t\t\t\t\t\t<\/tbody>\n\t<\/table>\n\t\t<\/div>\n\t\t\t\t<\/div>\n\t\t\t\t<\/div>\n\t\t\t\t\t<\/div>\n\t\t<\/div>\n\t\t\t\t\t<\/div>\n\t\t<\/section>\n\t\t\t\t<section class=\"elementor-section elementor-top-section elementor-element elementor-element-a7a24d3 elementor-section-boxed elementor-section-height-default elementor-section-height-default\" data-id=\"a7a24d3\" data-element_type=\"section\">\n\t\t\t\t\t\t<div class=\"elementor-container elementor-column-gap-default\">\n\t\t\t\t\t<div class=\"elementor-column elementor-col-50 elementor-top-column elementor-element elementor-element-34dfc3b\" data-id=\"34dfc3b\" data-element_type=\"column\">\n\t\t\t<div class=\"elementor-widget-wrap elementor-element-populated\">\n\t\t\t\t\t\t<div class=\"elementor-element elementor-element-9866f6d elementor-widget elementor-widget-heading\" data-id=\"9866f6d\" data-element_type=\"widget\" data-widget_type=\"heading.default\">\n\t\t\t\t<div class=\"elementor-widget-container\">\n\t\t\t\t\t<h2 class=\"elementor-heading-title elementor-size-default\">Organisator der Informationsausstellung\n<\/h2>\t\t\t\t<\/div>\n\t\t\t\t<\/div>\n\t\t\t\t<div class=\"elementor-element elementor-element-3acab7b elementor-widget elementor-widget-text-editor\" data-id=\"3acab7b\" data-element_type=\"widget\" data-widget_type=\"text-editor.default\">\n\t\t\t\t<div class=\"elementor-widget-container\">\n\t\t\t\t\t\t\t\t\t<p><strong>Sie m\u00f6chten Ihre unternehmerischen Ziele umsetzen und ziehen eine Messeteilnahme auf der Landwirtschaftsmesse Rheinland Pfalz in Erw\u00e4gung?<\/strong><\/p><p>Wenn Sie zum ersten Mal an einer Messe teilnehmen, dann gibt es viel zu tun. Sie stehen jedoch nicht alleine da! Das Team von CNO-Expo wird Ihre Teilnahme ab dem Zeitpunkt der Registrierung begleiten, wobei Sie auf unsere Expertise z\u00e4hlen d\u00fcrfen. Wir unterst\u00fctzen Sie auch gerne bei der Ausarbeitung von Ideen, der Vorbereitung einer Bewerbung f\u00fcr Produktinnovationen w\u00e4hrend der Messe oder einer Aktivit\u00e4t, die Sie umsetzen m\u00f6chten.<\/p><p>Nehmen Sie gerne Kontakt mit uns auf, um weitere Informationen und ein pers\u00f6nliches Gespr\u00e4ch zu erhalten. Gerne setzen wir uns mit Ihnen an den Tisch, um Sie bei einem leckeren Kaffee freibleibend zu beraten. Unser Ziel ist es, das Maximum aus Ihrer Messeteilnahme zu holen. Zusammen stehen wir stark!<\/p>\t\t\t\t\t\t\t\t<\/div>\n\t\t\t\t<\/div>\n\t\t\t\t\t<\/div>\n\t\t<\/div>\n\t\t\t\t<div class=\"elementor-column elementor-col-50 elementor-top-column elementor-element elementor-element-8e69296\" data-id=\"8e69296\" data-element_type=\"column\">\n\t\t\t<div class=\"elementor-widget-wrap elementor-element-populated\">\n\t\t\t\t\t\t<div class=\"elementor-element elementor-element-59e685b elementor-widget elementor-widget-heading\" data-id=\"59e685b\" data-element_type=\"widget\" data-widget_type=\"heading.default\">\n\t\t\t\t<div class=\"elementor-widget-container\">\n\t\t\t\t\t<h3 class=\"elementor-heading-title elementor-size-default\">Was CNO-Expo f\u00fcr Sie tun kann<\/h3>\t\t\t\t<\/div>\n\t\t\t\t<\/div>\n\t\t\t\t<div class=\"elementor-element elementor-element-2034ff0 elementor-icon-list--layout-traditional elementor-list-item-link-full_width elementor-widget elementor-widget-icon-list\" data-id=\"2034ff0\" data-element_type=\"widget\" data-widget_type=\"icon-list.default\">\n\t\t\t\t<div class=\"elementor-widget-container\">\n\t\t\t\t\t\t\t<ul class=\"elementor-icon-list-items\">\n\t\t\t\t\t\t\t<li class=\"elementor-icon-list-item\">\n\t\t\t\t\t\t\t\t\t\t\t<span class=\"elementor-icon-list-icon\">\n\t\t\t\t\t\t\t<i aria-hidden=\"true\" class=\"fas fa-circle\"><\/i>\t\t\t\t\t\t<\/span>\n\t\t\t\t\t\t\t\t\t\t<span class=\"elementor-icon-list-text\">Als realisierende Partei treffen wir alle Ma\u00dfnahmen und erf\u00fcllen alle Bedingungen, um inspirierende pers\u00f6nliche Begegnungen zu erm\u00f6glichen.<\/span>\n\t\t\t\t\t\t\t\t\t<\/li>\n\t\t\t\t\t\t\t\t<li class=\"elementor-icon-list-item\">\n\t\t\t\t\t\t\t\t\t\t\t<span class=\"elementor-icon-list-icon\">\n\t\t\t\t\t\t\t<i aria-hidden=\"true\" class=\"fas fa-circle\"><\/i>\t\t\t\t\t\t<\/span>\n\t\t\t\t\t\t\t\t\t\t<span class=\"elementor-icon-list-text\"> Andererseits treten wir als organisatorische Partei auf, wobei in Eigenverwaltung diverse fachorientierte Messen und Events organisiert werden.<\/span>\n\t\t\t\t\t\t\t\t\t<\/li>\n\t\t\t\t\t\t\t\t<li class=\"elementor-icon-list-item\">\n\t\t\t\t\t\t\t\t\t\t\t<span class=\"elementor-icon-list-icon\">\n\t\t\t\t\t\t\t<i aria-hidden=\"true\" class=\"fas fa-circle\"><\/i>\t\t\t\t\t\t<\/span>\n\t\t\t\t\t\t\t\t\t\t<span class=\"elementor-icon-list-text\"> Sorgenfreie Organisation f\u00fcr Messen und Events.<\/span>\n\t\t\t\t\t\t\t\t\t<\/li>\n\t\t\t\t\t\t<\/ul>\n\t\t\t\t\t\t<\/div>\n\t\t\t\t<\/div>\n\t\t\t\t\t<\/div>\n\t\t<\/div>\n\t\t\t\t\t<\/div>\n\t\t<\/section>\n\t\t\t\t<section class=\"elementor-section elementor-top-section elementor-element elementor-element-7208077 elementor-section-content-middle elementor-section-boxed elementor-section-height-default elementor-section-height-default\" data-id=\"7208077\" data-element_type=\"section\">\n\t\t\t\t\t\t<div class=\"elementor-container elementor-column-gap-default\">\n\t\t\t\t\t<div class=\"elementor-column elementor-col-50 elementor-top-column elementor-element elementor-element-85f8367\" data-id=\"85f8367\" data-element_type=\"column\">\n\t\t\t<div class=\"elementor-widget-wrap elementor-element-populated\">\n\t\t\t\t\t\t<div class=\"elementor-element elementor-element-d3858c8 elementor-widget elementor-widget-heading\" data-id=\"d3858c8\" data-element_type=\"widget\" data-widget_type=\"heading.default\">\n\t\t\t\t<div class=\"elementor-widget-container\">\n\t\t\t\t\t<h2 class=\"elementor-heading-title elementor-size-default\">CNO-Expo B.V.<\/h2>\t\t\t\t<\/div>\n\t\t\t\t<\/div>\n\t\t\t\t<div class=\"elementor-element elementor-element-6a2604e elementor-widget elementor-widget-text-editor\" data-id=\"6a2604e\" data-element_type=\"widget\" data-widget_type=\"text-editor.default\">\n\t\t\t\t<div class=\"elementor-widget-container\">\n\t\t\t\t\t\t\t\t\t<p>Seit 2005 ist CNO-Expo als selbstst\u00e4ndiges Organisationsb\u00fcro aktiv. Einerseits als realisierende Partei, wobei alle Einrichtungen und Bedingungen erf\u00fcllt werden, um inspirierende pers\u00f6nliche Begegnungen zu erm\u00f6glichen. Andererseits als organisatorische Partei, wobei in Eigenverwaltung diverse fachorientierte Messen und Events organisiert werden.<\/p><p>CNO-Expo bietet ein enthusiastisches Team mit dynamischen Mitarbeitern, die \u00fcber viel Expertise in der Messe- und Eventbranche verf\u00fcgen. Jeder mit einer einzigartigen Kompetenz, wodurch wir die richtige Person f\u00fcr eine bestimmte Messe oder ein spezielles Event einsetzen k\u00f6nnen. Wir organisieren in Deutschland und Niederland sehr starke Regionale Fachmessen im Agrarbereich. Keine Tr\u00f6delm\u00e4rkte, kein Verlust an Besucher die interessiert sind in Schmuck oder Massagest\u00fchle, reine Fachmessen. Dar\u00fcber hinaus organisiert und realisiert sie externe (Fach)Messen und Events f\u00fcr diverse Auftraggeber, im kleinen und gro\u00dfen Stil vor Ort.<\/p>\t\t\t\t\t\t\t\t<\/div>\n\t\t\t\t<\/div>\n\t\t\t\t\t<\/div>\n\t\t<\/div>\n\t\t\t\t<div class=\"elementor-column elementor-col-50 elementor-top-column elementor-element elementor-element-3bca3f9\" data-id=\"3bca3f9\" data-element_type=\"column\">\n\t\t\t<div class=\"elementor-widget-wrap elementor-element-populated\">\n\t\t\t\t\t\t<div class=\"elementor-element elementor-element-8996c3d elementor-widget elementor-widget-image\" data-id=\"8996c3d\" data-element_type=\"widget\" data-widget_type=\"image.default\">\n\t\t\t\t<div class=\"elementor-widget-container\">\n\t\t\t\t\t\t\t\t\t\t\t\t\t\t\t<img decoding=\"async\" width=\"422\" height=\"327\" src=\"https:\/\/www.landwirtschaftsmesse.com\/rheinland-pfalz\/wp-content\/uploads\/2025\/02\/Beweidung_in_Moersdorf-detail_-Corinna_Lehr.jpg\" class=\"attachment-full size-full wp-image-47774\" alt=\"\" srcset=\"https:\/\/www.landwirtschaftsmesse.com\/rheinland-pfalz\/wp-content\/uploads\/2025\/02\/Beweidung_in_Moersdorf-detail_-Corinna_Lehr.jpg 422w, https:\/\/www.landwirtschaftsmesse.com\/rheinland-pfalz\/wp-content\/uploads\/2025\/02\/Beweidung_in_Moersdorf-detail_-Corinna_Lehr-300x232.jpg 300w\" sizes=\"(max-width: 422px) 100vw, 422px\" \/>\t\t\t\t\t\t\t\t\t\t\t\t\t\t\t<\/div>\n\t\t\t\t<\/div>\n\t\t\t\t\t<\/div>\n\t\t<\/div>\n\t\t\t\t\t<\/div>\n\t\t<\/section>\n\t\t\t\t<section class=\"elementor-section elementor-top-section elementor-element elementor-element-1ada598 elementor-section-boxed elementor-section-height-default elementor-section-height-default\" data-id=\"1ada598\" data-element_type=\"section\">\n\t\t\t\t\t\t<div class=\"elementor-container elementor-column-gap-default\">\n\t\t\t\t\t<div class=\"elementor-column elementor-col-25 elementor-top-column elementor-element elementor-element-f39281d\" data-id=\"f39281d\" data-element_type=\"column\">\n\t\t\t<div class=\"elementor-widget-wrap elementor-element-populated\">\n\t\t\t\t\t\t<div class=\"elementor-element elementor-element-b510576 elementor-widget elementor-widget-heading\" data-id=\"b510576\" data-element_type=\"widget\" data-widget_type=\"heading.default\">\n\t\t\t\t<div class=\"elementor-widget-container\">\n\t\t\t\t\t<h3 class=\"elementor-heading-title elementor-size-default\">Kontaktpersonen<\/h3>\t\t\t\t<\/div>\n\t\t\t\t<\/div>\n\t\t\t\t<div class=\"elementor-element elementor-element-505e09d elementor-author-box--layout-image-left elementor-author-box--align-left elementor-author-box--image-valign-middle elementor-widget elementor-widget-author-box\" data-id=\"505e09d\" data-element_type=\"widget\" data-widget_type=\"author-box.default\">\n\t\t\t\t<div class=\"elementor-widget-container\">\n\t\t\t\t\t\t\t<div class=\"elementor-author-box\">\n\t\t\t\t\t\t\t<div  class=\"elementor-author-box__avatar\">\n\t\t\t\t\t<img decoding=\"async\" src=\"https:\/\/www.landwirtschaftsmesse.com\/rheinland-pfalz\/wp-content\/uploads\/2014\/11\/johan-profiel-rond-140.png\" alt=\"Bild von Johan Wolters\" loading=\"lazy\">\n\t\t\t\t<\/div>\n\t\t\t\n\t\t\t<div class=\"elementor-author-box__text\">\n\t\t\t\t\t\t\t\t\t<div >\n\t\t\t\t\t\t<h5 class=\"elementor-author-box__name\">\n\t\t\t\t\t\t\tJohan Wolters\t\t\t\t\t\t<\/h5>\n\t\t\t\t\t<\/div>\n\t\t\t\t\n\t\t\t\t\t\t\t\t\t<div class=\"elementor-author-box__bio\">\n\t\t\t\t\t\t<p>Inhaber CNO Expo<\/p>\n\t\t\t\t\t<\/div>\n\t\t\t\t\n\t\t\t\t\t\t\t<\/div>\n\t\t<\/div>\n\t\t\t\t\t\t<\/div>\n\t\t\t\t<\/div>\n\t\t\t\t\t<\/div>\n\t\t<\/div>\n\t\t\t\t<div class=\"elementor-column elementor-col-25 elementor-top-column elementor-element elementor-element-4318581\" data-id=\"4318581\" data-element_type=\"column\">\n\t\t\t<div class=\"elementor-widget-wrap elementor-element-populated\">\n\t\t\t\t\t\t<div class=\"elementor-element elementor-element-4f0d310 elementor-author-box--layout-image-left elementor-author-box--align-left elementor-author-box--image-valign-middle elementor-widget elementor-widget-author-box\" data-id=\"4f0d310\" data-element_type=\"widget\" data-widget_type=\"author-box.default\">\n\t\t\t\t<div class=\"elementor-widget-container\">\n\t\t\t\t\t\t\t<div class=\"elementor-author-box\">\n\t\t\t\t\t\t\t<div  class=\"elementor-author-box__avatar\">\n\t\t\t\t\t<img decoding=\"async\" src=\"https:\/\/www.landwirtschaftsmesse.com\/rheinland-pfalz\/wp-content\/uploads\/2025\/08\/manja-4.png\" alt=\"Bild von Manja Tijhoff\" loading=\"lazy\">\n\t\t\t\t<\/div>\n\t\t\t\n\t\t\t<div class=\"elementor-author-box__text\">\n\t\t\t\t\t\t\t\t\t<div >\n\t\t\t\t\t\t<h5 class=\"elementor-author-box__name\">\n\t\t\t\t\t\t\tManja Tijhoff\t\t\t\t\t\t<\/h5>\n\t\t\t\t\t<\/div>\n\t\t\t\t\n\t\t\t\t\t\t\t\t\t<div class=\"elementor-author-box__bio\">\n\t\t\t\t\t\t<p>Ausstellungsleiter CNO-Expo<\/p>\n\t\t\t\t\t<\/div>\n\t\t\t\t\n\t\t\t\t\t\t\t<\/div>\n\t\t<\/div>\n\t\t\t\t\t\t<\/div>\n\t\t\t\t<\/div>\n\t\t\t\t\t<\/div>\n\t\t<\/div>\n\t\t\t\t<div class=\"elementor-column elementor-col-25 elementor-top-column elementor-element elementor-element-9c6e921\" data-id=\"9c6e921\" data-element_type=\"column\">\n\t\t\t<div class=\"elementor-widget-wrap\">\n\t\t\t\t\t\t\t<\/div>\n\t\t<\/div>\n\t\t\t\t<div class=\"elementor-column elementor-col-25 elementor-top-column elementor-element elementor-element-0885e7e\" data-id=\"0885e7e\" data-element_type=\"column\">\n\t\t\t<div class=\"elementor-widget-wrap elementor-element-populated\">\n\t\t\t\t\t\t<div class=\"elementor-element elementor-element-8b86957 elementor-widget elementor-widget-image\" data-id=\"8b86957\" data-element_type=\"widget\" data-widget_type=\"image.default\">\n\t\t\t\t<div class=\"elementor-widget-container\">\n\t\t\t\t\t\t\t\t\t\t\t\t\t\t\t<img loading=\"lazy\" decoding=\"async\" width=\"286\" height=\"174\" src=\"https:\/\/www.landwirtschaftsmesse.com\/rheinland-pfalz\/wp-content\/uploads\/2020\/08\/cno-logo.png\" class=\"attachment-full size-full wp-image-39985\" alt=\"\" \/>\t\t\t\t\t\t\t\t\t\t\t\t\t\t\t<\/div>\n\t\t\t\t<\/div>\n\t\t\t\t\t<\/div>\n\t\t<\/div>\n\t\t\t\t\t<\/div>\n\t\t<\/section>\n\t\t\t\t<\/div>\n\t\t","protected":false},"excerpt":{"rendered":"<p>Willkommen zur Landwirtschaftsmesse Rheinland-Pfalz 2027! Vom 17. bis 19. Januar 2027 \u00f6ffnet die Landwirtschaftsmesse in Trier Ihre Tore und l\u00e4dt Fachleute, Landwirte und Interessierte aus Rheinland-Pfalz, dem Saarland, Luxemburg und dem Eifelkreis Bitburg-Pr\u00fcm ein.\u00a0 Ein im Trier einzigartiges Konzept! Eine komplette Messe f\u00fcr Rheinland Pfalz Brochure Aussteller werden? Karte(n) Bestellen Hallenplan 2025 Veranstaltungsort:In den Moselauen [&hellip;]<\/p>\n","protected":false},"author":1,"featured_media":0,"parent":0,"menu_order":7,"comment_status":"closed","ping_status":"closed","template":"elementor_header_footer","meta":{"site-sidebar-layout":"no-sidebar","site-content-layout":"page-builder","ast-site-content-layout":"full-width-container","site-content-style":"unboxed","site-sidebar-style":"unboxed","ast-global-header-display":"","ast-banner-title-visibility":"","ast-main-header-display":"","ast-hfb-above-header-display":"","ast-hfb-below-header-display":"","ast-hfb-mobile-header-display":"","site-post-title":"disabled","ast-breadcrumbs-content":"","ast-featured-img":"disabled","footer-sml-layout":"","ast-disable-related-posts":"","theme-transparent-header-meta":"default","adv-header-id-meta":"","stick-header-meta":"","header-above-stick-meta":"","header-main-stick-meta":"","header-below-stick-meta":"","astra-migrate-meta-layouts":"set","ast-page-background-enabled":"default","ast-page-background-meta":{"desktop":{"background-color":"","background-image":"","background-repeat":"repeat","background-position":"center center","background-size":"auto","background-attachment":"scroll","background-type":"","background-media":"","overlay-type":"","overlay-color":"","overlay-opacity":"","overlay-gradient":""},"tablet":{"background-color":"","background-image":"","background-repeat":"repeat","background-position":"center center","background-size":"auto","background-attachment":"scroll","background-type":"","background-media":"","overlay-type":"","overlay-color":"","overlay-opacity":"","overlay-gradient":""},"mobile":{"background-color":"","background-image":"","background-repeat":"repeat","background-position":"center center","background-size":"auto","background-attachment":"scroll","background-type":"","background-media":"","overlay-type":"","overlay-color":"","overlay-opacity":"","overlay-gradient":""}},"ast-content-background-meta":{"desktop":{"background-color":"var(--ast-global-color-5)","background-image":"","background-repeat":"repeat","background-position":"center center","background-size":"auto","background-attachment":"scroll","background-type":"","background-media":"","overlay-type":"","overlay-color":"","overlay-opacity":"","overlay-gradient":""},"tablet":{"background-color":"var(--ast-global-color-5)","background-image":"","background-repeat":"repeat","background-position":"center center","background-size":"auto","background-attachment":"scroll","background-type":"","background-media":"","overlay-type":"","overlay-color":"","overlay-opacity":"","overlay-gradient":""},"mobile":{"background-color":"var(--ast-global-color-5)","background-image":"","background-repeat":"repeat","background-position":"center center","background-size":"auto","background-attachment":"scroll","background-type":"","background-media":"","overlay-type":"","overlay-color":"","overlay-opacity":"","overlay-gradient":""}},"footnotes":""},"class_list":["post-41272","page","type-page","status-publish","hentry"],"yoast_head":"<!-- This site is optimized with the Yoast SEO plugin v26.6 - https:\/\/yoast.com\/wordpress\/plugins\/seo\/ -->\n<title>Information - Landwirtschafts- und Weinbaumesse Rheinland-Pfalz<\/title>\n<meta name=\"robots\" content=\"index, follow, max-snippet:-1, max-image-preview:large, max-video-preview:-1\" \/>\n<link rel=\"canonical\" href=\"https:\/\/www.landwirtschaftsmesse.com\/rheinland-pfalz\/information-messe\/\" \/>\n<meta property=\"og:locale\" content=\"de_DE\" \/>\n<meta property=\"og:type\" content=\"article\" \/>\n<meta property=\"og:title\" content=\"Information - Landwirtschafts- und Weinbaumesse Rheinland-Pfalz\" \/>\n<meta property=\"og:description\" content=\"Willkommen zur Landwirtschaftsmesse Rheinland-Pfalz 2027! Vom 17. bis 19. Januar 2027 \u00f6ffnet die Landwirtschaftsmesse in Trier Ihre Tore und l\u00e4dt Fachleute, Landwirte und Interessierte aus Rheinland-Pfalz, dem Saarland, Luxemburg und dem Eifelkreis Bitburg-Pr\u00fcm ein.\u00a0 Ein im Trier einzigartiges Konzept! Eine komplette Messe f\u00fcr Rheinland Pfalz Brochure Aussteller werden? Karte(n) Bestellen Hallenplan 2025 Veranstaltungsort:In den Moselauen [&hellip;]\" \/>\n<meta property=\"og:url\" content=\"https:\/\/www.landwirtschaftsmesse.com\/rheinland-pfalz\/information-messe\/\" \/>\n<meta property=\"og:site_name\" content=\"Landwirtschafts- und Weinbaumesse Rheinland-Pfalz\" \/>\n<meta property=\"article:publisher\" content=\"https:\/\/www.facebook.com\/Landbouwvakdagen\/\" \/>\n<meta property=\"article:modified_time\" content=\"2026-02-09T14:57:16+00:00\" \/>\n<meta property=\"og:image\" content=\"https:\/\/www.landwirtschaftsmesse.com\/rheinland-pfalz\/wp-content\/uploads\/2022\/11\/boeren-tot.png\" \/>\n<meta name=\"twitter:card\" content=\"summary_large_image\" \/>\n<meta name=\"twitter:label1\" content=\"Gesch\u00e4tzte Lesezeit\" \/>\n\t<meta name=\"twitter:data1\" content=\"7\u00a0Minuten\" \/>\n<script type=\"application\/ld+json\" class=\"yoast-schema-graph\">{\"@context\":\"https:\/\/schema.org\",\"@graph\":[{\"@type\":\"WebPage\",\"@id\":\"https:\/\/www.landwirtschaftsmesse.com\/rheinland-pfalz\/information-messe\/\",\"url\":\"https:\/\/www.landwirtschaftsmesse.com\/rheinland-pfalz\/information-messe\/\",\"name\":\"Information - Landwirtschafts- und Weinbaumesse Rheinland-Pfalz\",\"isPartOf\":{\"@id\":\"https:\/\/www.landwirtschaftsmesse.com\/rheinland-pfalz\/#website\"},\"primaryImageOfPage\":{\"@id\":\"https:\/\/www.landwirtschaftsmesse.com\/rheinland-pfalz\/information-messe\/#primaryimage\"},\"image\":{\"@id\":\"https:\/\/www.landwirtschaftsmesse.com\/rheinland-pfalz\/information-messe\/#primaryimage\"},\"thumbnailUrl\":\"https:\/\/www.landwirtschaftsmesse.com\/rheinland-pfalz\/wp-content\/uploads\/2022\/11\/boeren-tot.png\",\"datePublished\":\"2022-11-21T13:42:01+00:00\",\"dateModified\":\"2026-02-09T14:57:16+00:00\",\"breadcrumb\":{\"@id\":\"https:\/\/www.landwirtschaftsmesse.com\/rheinland-pfalz\/information-messe\/#breadcrumb\"},\"inLanguage\":\"de\",\"potentialAction\":[{\"@type\":\"ReadAction\",\"target\":[\"https:\/\/www.landwirtschaftsmesse.com\/rheinland-pfalz\/information-messe\/\"]}]},{\"@type\":\"ImageObject\",\"inLanguage\":\"de\",\"@id\":\"https:\/\/www.landwirtschaftsmesse.com\/rheinland-pfalz\/information-messe\/#primaryimage\",\"url\":\"https:\/\/www.landwirtschaftsmesse.com\/rheinland-pfalz\/wp-content\/uploads\/2022\/11\/boeren-tot.png\",\"contentUrl\":\"https:\/\/www.landwirtschaftsmesse.com\/rheinland-pfalz\/wp-content\/uploads\/2022\/11\/boeren-tot.png\"},{\"@type\":\"BreadcrumbList\",\"@id\":\"https:\/\/www.landwirtschaftsmesse.com\/rheinland-pfalz\/information-messe\/#breadcrumb\",\"itemListElement\":[{\"@type\":\"ListItem\",\"position\":1,\"name\":\"Home\",\"item\":\"https:\/\/www.landwirtschaftsmesse.com\/rheinland-pfalz\/\"},{\"@type\":\"ListItem\",\"position\":2,\"name\":\"Information\"}]},{\"@type\":\"WebSite\",\"@id\":\"https:\/\/www.landwirtschaftsmesse.com\/rheinland-pfalz\/#website\",\"url\":\"https:\/\/www.landwirtschaftsmesse.com\/rheinland-pfalz\/\",\"name\":\"Landwirtschafts- und Weinbaumesse Rheinland-Pfalz\",\"description\":\"Eine einzigartige Formel in Trier\",\"publisher\":{\"@id\":\"https:\/\/www.landwirtschaftsmesse.com\/rheinland-pfalz\/#organization\"},\"potentialAction\":[{\"@type\":\"SearchAction\",\"target\":{\"@type\":\"EntryPoint\",\"urlTemplate\":\"https:\/\/www.landwirtschaftsmesse.com\/rheinland-pfalz\/?s={search_term_string}\"},\"query-input\":{\"@type\":\"PropertyValueSpecification\",\"valueRequired\":true,\"valueName\":\"search_term_string\"}}],\"inLanguage\":\"de\"},{\"@type\":\"Organization\",\"@id\":\"https:\/\/www.landwirtschaftsmesse.com\/rheinland-pfalz\/#organization\",\"name\":\"CNO-Expo\",\"url\":\"https:\/\/www.landwirtschaftsmesse.com\/rheinland-pfalz\/\",\"logo\":{\"@type\":\"ImageObject\",\"inLanguage\":\"de\",\"@id\":\"https:\/\/www.landwirtschaftsmesse.com\/rheinland-pfalz\/#\/schema\/logo\/image\/\",\"url\":\"https:\/\/www.landwirtschaftsmesse.com\/rheinland-pfalz\/wp-content\/uploads\/2016\/12\/Cno-expo-logo@2x-100.jpg\",\"contentUrl\":\"https:\/\/www.landwirtschaftsmesse.com\/rheinland-pfalz\/wp-content\/uploads\/2016\/12\/Cno-expo-logo@2x-100.jpg\",\"width\":1000,\"height\":1000,\"caption\":\"CNO-Expo\"},\"image\":{\"@id\":\"https:\/\/www.landwirtschaftsmesse.com\/rheinland-pfalz\/#\/schema\/logo\/image\/\"},\"sameAs\":[\"https:\/\/www.facebook.com\/Landbouwvakdagen\/\"]}]}<\/script>\n<!-- \/ Yoast SEO plugin. -->","yoast_head_json":{"title":"Information - Landwirtschafts- und Weinbaumesse Rheinland-Pfalz","robots":{"index":"index","follow":"follow","max-snippet":"max-snippet:-1","max-image-preview":"max-image-preview:large","max-video-preview":"max-video-preview:-1"},"canonical":"https:\/\/www.landwirtschaftsmesse.com\/rheinland-pfalz\/information-messe\/","og_locale":"de_DE","og_type":"article","og_title":"Information - Landwirtschafts- und Weinbaumesse Rheinland-Pfalz","og_description":"Willkommen zur Landwirtschaftsmesse Rheinland-Pfalz 2027! Vom 17. bis 19. Januar 2027 \u00f6ffnet die Landwirtschaftsmesse in Trier Ihre Tore und l\u00e4dt Fachleute, Landwirte und Interessierte aus Rheinland-Pfalz, dem Saarland, Luxemburg und dem Eifelkreis Bitburg-Pr\u00fcm ein.\u00a0 Ein im Trier einzigartiges Konzept! Eine komplette Messe f\u00fcr Rheinland Pfalz Brochure Aussteller werden? Karte(n) Bestellen Hallenplan 2025 Veranstaltungsort:In den Moselauen [&hellip;]","og_url":"https:\/\/www.landwirtschaftsmesse.com\/rheinland-pfalz\/information-messe\/","og_site_name":"Landwirtschafts- und Weinbaumesse Rheinland-Pfalz","article_publisher":"https:\/\/www.facebook.com\/Landbouwvakdagen\/","article_modified_time":"2026-02-09T14:57:16+00:00","og_image":[{"url":"https:\/\/www.landwirtschaftsmesse.com\/rheinland-pfalz\/wp-content\/uploads\/2022\/11\/boeren-tot.png","type":"","width":"","height":""}],"twitter_card":"summary_large_image","twitter_misc":{"Gesch\u00e4tzte Lesezeit":"7\u00a0Minuten"},"schema":{"@context":"https:\/\/schema.org","@graph":[{"@type":"WebPage","@id":"https:\/\/www.landwirtschaftsmesse.com\/rheinland-pfalz\/information-messe\/","url":"https:\/\/www.landwirtschaftsmesse.com\/rheinland-pfalz\/information-messe\/","name":"Information - Landwirtschafts- und Weinbaumesse Rheinland-Pfalz","isPartOf":{"@id":"https:\/\/www.landwirtschaftsmesse.com\/rheinland-pfalz\/#website"},"primaryImageOfPage":{"@id":"https:\/\/www.landwirtschaftsmesse.com\/rheinland-pfalz\/information-messe\/#primaryimage"},"image":{"@id":"https:\/\/www.landwirtschaftsmesse.com\/rheinland-pfalz\/information-messe\/#primaryimage"},"thumbnailUrl":"https:\/\/www.landwirtschaftsmesse.com\/rheinland-pfalz\/wp-content\/uploads\/2022\/11\/boeren-tot.png","datePublished":"2022-11-21T13:42:01+00:00","dateModified":"2026-02-09T14:57:16+00:00","breadcrumb":{"@id":"https:\/\/www.landwirtschaftsmesse.com\/rheinland-pfalz\/information-messe\/#breadcrumb"},"inLanguage":"de","potentialAction":[{"@type":"ReadAction","target":["https:\/\/www.landwirtschaftsmesse.com\/rheinland-pfalz\/information-messe\/"]}]},{"@type":"ImageObject","inLanguage":"de","@id":"https:\/\/www.landwirtschaftsmesse.com\/rheinland-pfalz\/information-messe\/#primaryimage","url":"https:\/\/www.landwirtschaftsmesse.com\/rheinland-pfalz\/wp-content\/uploads\/2022\/11\/boeren-tot.png","contentUrl":"https:\/\/www.landwirtschaftsmesse.com\/rheinland-pfalz\/wp-content\/uploads\/2022\/11\/boeren-tot.png"},{"@type":"BreadcrumbList","@id":"https:\/\/www.landwirtschaftsmesse.com\/rheinland-pfalz\/information-messe\/#breadcrumb","itemListElement":[{"@type":"ListItem","position":1,"name":"Home","item":"https:\/\/www.landwirtschaftsmesse.com\/rheinland-pfalz\/"},{"@type":"ListItem","position":2,"name":"Information"}]},{"@type":"WebSite","@id":"https:\/\/www.landwirtschaftsmesse.com\/rheinland-pfalz\/#website","url":"https:\/\/www.landwirtschaftsmesse.com\/rheinland-pfalz\/","name":"Landwirtschafts- und Weinbaumesse Rheinland-Pfalz","description":"Eine einzigartige Formel in Trier","publisher":{"@id":"https:\/\/www.landwirtschaftsmesse.com\/rheinland-pfalz\/#organization"},"potentialAction":[{"@type":"SearchAction","target":{"@type":"EntryPoint","urlTemplate":"https:\/\/www.landwirtschaftsmesse.com\/rheinland-pfalz\/?s={search_term_string}"},"query-input":{"@type":"PropertyValueSpecification","valueRequired":true,"valueName":"search_term_string"}}],"inLanguage":"de"},{"@type":"Organization","@id":"https:\/\/www.landwirtschaftsmesse.com\/rheinland-pfalz\/#organization","name":"CNO-Expo","url":"https:\/\/www.landwirtschaftsmesse.com\/rheinland-pfalz\/","logo":{"@type":"ImageObject","inLanguage":"de","@id":"https:\/\/www.landwirtschaftsmesse.com\/rheinland-pfalz\/#\/schema\/logo\/image\/","url":"https:\/\/www.landwirtschaftsmesse.com\/rheinland-pfalz\/wp-content\/uploads\/2016\/12\/Cno-expo-logo@2x-100.jpg","contentUrl":"https:\/\/www.landwirtschaftsmesse.com\/rheinland-pfalz\/wp-content\/uploads\/2016\/12\/Cno-expo-logo@2x-100.jpg","width":1000,"height":1000,"caption":"CNO-Expo"},"image":{"@id":"https:\/\/www.landwirtschaftsmesse.com\/rheinland-pfalz\/#\/schema\/logo\/image\/"},"sameAs":["https:\/\/www.facebook.com\/Landbouwvakdagen\/"]}]}},"_links":{"self":[{"href":"https:\/\/www.landwirtschaftsmesse.com\/rheinland-pfalz\/wp-json\/wp\/v2\/pages\/41272","targetHints":{"allow":["GET"]}}],"collection":[{"href":"https:\/\/www.landwirtschaftsmesse.com\/rheinland-pfalz\/wp-json\/wp\/v2\/pages"}],"about":[{"href":"https:\/\/www.landwirtschaftsmesse.com\/rheinland-pfalz\/wp-json\/wp\/v2\/types\/page"}],"author":[{"embeddable":true,"href":"https:\/\/www.landwirtschaftsmesse.com\/rheinland-pfalz\/wp-json\/wp\/v2\/users\/1"}],"replies":[{"embeddable":true,"href":"https:\/\/www.landwirtschaftsmesse.com\/rheinland-pfalz\/wp-json\/wp\/v2\/comments?post=41272"}],"version-history":[{"count":0,"href":"https:\/\/www.landwirtschaftsmesse.com\/rheinland-pfalz\/wp-json\/wp\/v2\/pages\/41272\/revisions"}],"wp:attachment":[{"href":"https:\/\/www.landwirtschaftsmesse.com\/rheinland-pfalz\/wp-json\/wp\/v2\/media?parent=41272"}],"curies":[{"name":"wp","href":"https:\/\/api.w.org\/{rel}","templated":true}]}}